{"id":7058,"date":"2020-09-07T12:11:22","date_gmt":"2020-09-07T10:11:22","guid":{"rendered":"https:\/\/elhco.pruebasweb.com.es\/?page_id=7058"},"modified":"2023-09-05T14:03:42","modified_gmt":"2023-09-05T12:03:42","slug":"reconeixements","status":"publish","type":"page","link":"https:\/\/elhco.com\/ca\/reconeixements\/","title":{"rendered":"Premis i reconeixements"},"content":{"rendered":"<p><div class=\"fusion-fullwidth fullwidth-box fusion-builder-row-1 fusion-flex-container nonhundred-percent-fullwidth non-hundred-percent-height-scrolling\" style=\"--awb-border-radius-top-left:0px;--awb-border-radius-top-right:0px;--awb-border-radius-bottom-right:0px;--awb-border-radius-bottom-left:0px;--awb-padding-top:4%;--awb-flex-wrap:wrap;\" ><div class=\"fusion-builder-row fusion-row fusion-flex-align-items-flex-start fusion-flex-content-wrap\" style=\"max-width:1300px;margin-left: calc(-4% \/ 2 );margin-right: calc(-4% \/ 2 );\"><div class=\"fusion-layout-column fusion_builder_column fusion-builder-column-0 fusion_builder_column_1_1 1_1 fusion-flex-column\" style=\"--awb-padding-left:5%;--awb-bg-size:cover;--awb-width-large:100%;--awb-margin-top-large:0px;--awb-spacing-right-large:1.92%;--awb-margin-bottom-large:20px;--awb-spacing-left-large:1.92%;--awb-width-medium:100%;--awb-order-medium:0;--awb-spacing-right-medium:1.92%;--awb-spacing-left-medium:1.92%;--awb-width-small:100%;--awb-order-small:0;--awb-spacing-right-small:1.92%;--awb-spacing-left-small:1.92%;\"><div class=\"fusion-column-wrapper fusion-column-has-shadow fusion-flex-justify-content-flex-start fusion-content-layout-column\"><div class=\"fusion-text fusion-text-1\" style=\"--awb-font-size:21px;--awb-text-font-family:&quot;Mulish&quot;;--awb-text-font-style:normal;--awb-text-font-weight:400;\"><p><strong>SEGELL DE PYME INNOVADORA EN RECONEIXIEMENT A LANOSTRA TASCA EN I+D+i<\/strong><\/p>\n<\/div><div class=\"fusion-separator fusion-full-width-sep\" style=\"align-self: center;margin-left: auto;margin-right: auto;margin-top:20px;width:100%;\"><\/div><div class=\"fusion-builder-row fusion-builder-row-inner fusion-row fusion-flex-align-items-flex-start fusion-flex-content-wrap\" style=\"--awb-flex-grow:0;--awb-flex-grow-medium:0;--awb-flex-grow-small:0;--awb-flex-shrink:0;--awb-flex-shrink-medium:0;--awb-flex-shrink-small:0;width:104% !important;max-width:104% !important;margin-left: calc(-4% \/ 2 );margin-right: calc(-4% \/ 2 );\"><div class=\"fusion-layout-column fusion_builder_column_inner fusion-builder-nested-column-0 fusion_builder_column_inner_1_5 1_5 fusion-flex-column\" style=\"--awb-bg-size:cover;--awb-width-large:20%;--awb-margin-top-large:0px;--awb-spacing-right-large:9.6%;--awb-margin-bottom-large:20px;--awb-spacing-left-large:9.6%;--awb-width-medium:100%;--awb-order-medium:0;--awb-spacing-right-medium:1.92%;--awb-spacing-left-medium:1.92%;--awb-width-small:100%;--awb-order-small:0;--awb-spacing-right-small:1.92%;--awb-spacing-left-small:1.92%;\"><div class=\"fusion-column-wrapper fusion-column-has-shadow fusion-flex-justify-content-flex-start fusion-content-layout-column\"><div class=\"fusion-image-element \" style=\"--awb-caption-title-font-family:var(--h2_typography-font-family);--awb-caption-title-font-weight:var(--h2_typography-font-weight);--awb-caption-title-font-style:var(--h2_typography-font-style);--awb-caption-title-size:var(--h2_typography-font-size);--awb-caption-title-transform:var(--h2_typography-text-transform);--awb-caption-title-line-height:var(--h2_typography-line-height);--awb-caption-title-letter-spacing:var(--h2_typography-letter-spacing);\"><span class=\" fusion-imageframe imageframe-none imageframe-1 hover-type-none\"><img decoding=\"async\" width=\"230\" height=\"300\" alt=\"PYME Innovadora\" title=\"PYME Innovadora\" src=\"https:\/\/elhco.com\/wp-content\/uploads\/pyme-innovadora-es-1-230x300.webp\" class=\"img-responsive wp-image-8052\" srcset=\"https:\/\/elhco.com\/wp-content\/uploads\/pyme-innovadora-es-1-200x260.webp 200w, https:\/\/elhco.com\/wp-content\/uploads\/pyme-innovadora-es-1.webp 384w\" sizes=\"(max-width: 1024px) 100vw, (max-width: 640px) 100vw, 230px\" \/><\/span><\/div><\/div><\/div><div class=\"fusion-layout-column fusion_builder_column_inner fusion-builder-nested-column-1 fusion_builder_column_inner_4_5 4_5 fusion-flex-column\" style=\"--awb-bg-size:cover;--awb-width-large:80%;--awb-margin-top-large:0px;--awb-spacing-right-large:2.4%;--awb-margin-bottom-large:20px;--awb-spacing-left-large:2.4%;--awb-width-medium:100%;--awb-order-medium:0;--awb-spacing-right-medium:1.92%;--awb-spacing-left-medium:1.92%;--awb-width-small:100%;--awb-order-small:0;--awb-spacing-right-small:1.92%;--awb-spacing-left-small:1.92%;\"><div class=\"fusion-column-wrapper fusion-column-has-shadow fusion-flex-justify-content-flex-start fusion-content-layout-column\"><div class=\"fusion-text fusion-text-2\" style=\"--awb-content-alignment:justify;\"><p>El Ministeri de Ci\u00e8ncia i Innovaci\u00f3 ens ha concedit el <strong>distintiu de Pyme Innovadora<\/strong> en reconeixement a la nostra aposta per la innovaci\u00f3 i a la pres\u00e8ncia de l\u2019empresa en projectes nacionals i internacionals.<\/p>\n<p>El segell de PYME Innovadora \u00e9s una distinci\u00f3 que reconeix les petites i mitjanes empreses que destaquen per la seva contribuci\u00f3 a la generaci\u00f3 de coneixement i a la promoci\u00f3 de la R+D a Espanya. Per obtenir aquesta distinci\u00f3, les empreses han de complir amb requisits rigorosos i demostrar un comprom\u00eds constant amb la innovaci\u00f3 i la recerca. <strong>Elhco <\/strong>ha superat amb \u00e8xit aquest proc\u00e9s d&#8217;avaluaci\u00f3, establint la seva posici\u00f3 com a referent en el camp de la innovaci\u00f3.<\/p>\n<\/div><\/div><\/div><\/div><\/div><\/div><\/div><\/div><div class=\"fusion-fullwidth fullwidth-box fusion-builder-row-2 fusion-flex-container has-pattern-background has-mask-background nonhundred-percent-fullwidth non-hundred-percent-height-scrolling\" style=\"--awb-border-radius-top-left:0px;--awb-border-radius-top-right:0px;--awb-border-radius-bottom-right:0px;--awb-border-radius-bottom-left:0px;--awb-flex-wrap:wrap;\" ><div class=\"fusion-builder-row fusion-row fusion-flex-align-items-flex-start fusion-flex-content-wrap\" style=\"max-width:1300px;margin-left: calc(-4% \/ 2 );margin-right: calc(-4% \/ 2 );\"><div class=\"fusion-layout-column fusion_builder_column fusion-builder-column-1 fusion_builder_column_1_1 1_1 fusion-flex-column\" style=\"--awb-padding-left:5%;--awb-bg-size:cover;--awb-width-large:100%;--awb-margin-top-large:0px;--awb-spacing-right-large:1.92%;--awb-margin-bottom-large:20px;--awb-spacing-left-large:1.92%;--awb-width-medium:100%;--awb-order-medium:0;--awb-spacing-right-medium:1.92%;--awb-spacing-left-medium:1.92%;--awb-width-small:100%;--awb-order-small:0;--awb-spacing-right-small:1.92%;--awb-spacing-left-small:1.92%;\"><div class=\"fusion-column-wrapper fusion-column-has-shadow fusion-flex-justify-content-flex-start fusion-content-layout-column\"><div class=\"fusion-text fusion-text-3\" style=\"--awb-font-size:21px;--awb-text-font-family:&quot;Mulish&quot;;--awb-text-font-style:normal;--awb-text-font-weight:400;\"><p><strong>PREMI GENERALITAT DE CATALUNYA EN RECONEIXEMENT D\u2019UNA ACTUACI\u00d3 SINGULAR A FAVOR DEL MEDI AMBIENT<\/strong><\/p>\n<\/div><div class=\"fusion-separator fusion-full-width-sep\" style=\"align-self: center;margin-left: auto;margin-right: auto;margin-top:20px;width:100%;\"><\/div><div class=\"fusion-builder-row fusion-builder-row-inner fusion-row fusion-flex-align-items-flex-start fusion-flex-content-wrap\" style=\"--awb-flex-grow:0;--awb-flex-grow-medium:0;--awb-flex-grow-small:0;--awb-flex-shrink:0;--awb-flex-shrink-medium:0;--awb-flex-shrink-small:0;width:104% !important;max-width:104% !important;margin-left: calc(-4% \/ 2 );margin-right: calc(-4% \/ 2 );\"><div class=\"fusion-layout-column fusion_builder_column_inner fusion-builder-nested-column-2 fusion_builder_column_inner_1_5 1_5 fusion-flex-column\" style=\"--awb-bg-size:cover;--awb-width-large:20%;--awb-margin-top-large:0px;--awb-spacing-right-large:9.6%;--awb-margin-bottom-large:20px;--awb-spacing-left-large:9.6%;--awb-width-medium:100%;--awb-order-medium:0;--awb-spacing-right-medium:1.92%;--awb-spacing-left-medium:1.92%;--awb-width-small:100%;--awb-order-small:0;--awb-spacing-right-small:1.92%;--awb-spacing-left-small:1.92%;\"><div class=\"fusion-column-wrapper fusion-column-has-shadow fusion-flex-justify-content-flex-start fusion-content-layout-column\"><div class=\"fusion-image-element \" style=\"--awb-caption-title-font-family:var(--h2_typography-font-family);--awb-caption-title-font-weight:var(--h2_typography-font-weight);--awb-caption-title-font-style:var(--h2_typography-font-style);--awb-caption-title-size:var(--h2_typography-font-size);--awb-caption-title-transform:var(--h2_typography-text-transform);--awb-caption-title-line-height:var(--h2_typography-line-height);--awb-caption-title-letter-spacing:var(--h2_typography-letter-spacing);\"><span class=\" fusion-imageframe imageframe-none imageframe-2 hover-type-none\"><img decoding=\"async\" width=\"183\" height=\"183\" title=\"premi-generalitat-catalunya\" src=\"https:\/\/elhco.com\/wp-content\/uploads\/premi-generalitat-catalunya.jpg\" alt class=\"img-responsive wp-image-6339\" srcset=\"https:\/\/elhco.com\/wp-content\/uploads\/premi-generalitat-catalunya-66x66.jpg 66w, https:\/\/elhco.com\/wp-content\/uploads\/premi-generalitat-catalunya-150x150.jpg 150w, https:\/\/elhco.com\/wp-content\/uploads\/premi-generalitat-catalunya.jpg 183w\" sizes=\"(max-width: 183px) 100vw, 183px\" \/><\/span><\/div><\/div><\/div><div class=\"fusion-layout-column fusion_builder_column_inner fusion-builder-nested-column-3 fusion_builder_column_inner_4_5 4_5 fusion-flex-column\" style=\"--awb-bg-size:cover;--awb-width-large:80%;--awb-margin-top-large:0px;--awb-spacing-right-large:2.4%;--awb-margin-bottom-large:20px;--awb-spacing-left-large:2.4%;--awb-width-medium:100%;--awb-order-medium:0;--awb-spacing-right-medium:1.92%;--awb-spacing-left-medium:1.92%;--awb-width-small:100%;--awb-order-small:0;--awb-spacing-right-small:1.92%;--awb-spacing-left-small:1.92%;\"><div class=\"fusion-column-wrapper fusion-column-has-shadow fusion-flex-justify-content-flex-start fusion-content-layout-column\"><div class=\"fusion-text fusion-text-4\" style=\"--awb-content-alignment:justify;\"><p>Potencialment, les ind\u00fastries galv\u00e0niques poden ser molt contaminants, per la seva capacitat de generar residus que contenen una concentraci\u00f3 significativa de metalls pesats.<\/p>\n<p>El factor decisiu que va impulsar a l\u2019empresa a realitzar aquest projecte a favor del medi ambient va ser la voluntat de <strong>reduir la quantitat de residus que es generaven, mitjan\u00e7ant tractaments de depuraci\u00f3 al buit<\/strong> que fessin possible l\u2019abocament zero d\u2019aig\u00fces residuals.<\/p>\n<\/div><\/div><\/div><\/div><\/div><\/div><\/div><\/div><div class=\"fusion-fullwidth fullwidth-box fusion-builder-row-3 fusion-flex-container nonhundred-percent-fullwidth non-hundred-percent-height-scrolling\" style=\"--awb-border-radius-top-left:0px;--awb-border-radius-top-right:0px;--awb-border-radius-bottom-right:0px;--awb-border-radius-bottom-left:0px;--awb-flex-wrap:wrap;\" ><div class=\"fusion-builder-row fusion-row fusion-flex-align-items-flex-start fusion-flex-content-wrap\" style=\"max-width:1300px;margin-left: calc(-4% \/ 2 );margin-right: calc(-4% \/ 2 );\"><div class=\"fusion-layout-column fusion_builder_column fusion-builder-column-2 fusion_builder_column_1_1 1_1 fusion-flex-column\" style=\"--awb-padding-left:5%;--awb-bg-size:cover;--awb-width-large:100%;--awb-margin-top-large:0px;--awb-spacing-right-large:1.92%;--awb-margin-bottom-large:20px;--awb-spacing-left-large:1.92%;--awb-width-medium:100%;--awb-order-medium:0;--awb-spacing-right-medium:1.92%;--awb-spacing-left-medium:1.92%;--awb-width-small:100%;--awb-order-small:0;--awb-spacing-right-small:1.92%;--awb-spacing-left-small:1.92%;\"><div class=\"fusion-column-wrapper fusion-column-has-shadow fusion-flex-justify-content-flex-start fusion-content-layout-column\"><div class=\"fusion-text fusion-text-5\" style=\"--awb-font-size:21px;\"><p><strong>PREMI UNIPEDE EN RECONEIXEMENT A L\u2019EFIC\u00c0CIA ENERG\u00c8TICA EN EL PROC\u00c9S PRODUCTIU<\/strong><\/p>\n<\/div><div class=\"fusion-builder-row fusion-builder-row-inner fusion-row fusion-flex-align-items-flex-start fusion-flex-content-wrap\" style=\"--awb-flex-grow:0;--awb-flex-grow-medium:0;--awb-flex-grow-small:0;--awb-flex-shrink:0;--awb-flex-shrink-medium:0;--awb-flex-shrink-small:0;width:104% !important;max-width:104% !important;margin-left: calc(-4% \/ 2 );margin-right: calc(-4% \/ 2 );\"><div class=\"fusion-layout-column fusion_builder_column_inner fusion-builder-nested-column-4 fusion_builder_column_inner_1_5 1_5 fusion-flex-column\" style=\"--awb-bg-size:cover;--awb-width-large:20%;--awb-margin-top-large:0px;--awb-spacing-right-large:9.6%;--awb-margin-bottom-large:20px;--awb-spacing-left-large:9.6%;--awb-width-medium:100%;--awb-order-medium:0;--awb-spacing-right-medium:1.92%;--awb-spacing-left-medium:1.92%;--awb-width-small:100%;--awb-order-small:0;--awb-spacing-right-small:1.92%;--awb-spacing-left-small:1.92%;\"><div class=\"fusion-column-wrapper fusion-column-has-shadow fusion-flex-justify-content-flex-start fusion-content-layout-column\"><div class=\"fusion-image-element \" style=\"--awb-caption-title-font-family:var(--h2_typography-font-family);--awb-caption-title-font-weight:var(--h2_typography-font-weight);--awb-caption-title-font-style:var(--h2_typography-font-style);--awb-caption-title-size:var(--h2_typography-font-size);--awb-caption-title-transform:var(--h2_typography-text-transform);--awb-caption-title-line-height:var(--h2_typography-line-height);--awb-caption-title-letter-spacing:var(--h2_typography-letter-spacing);\"><span class=\" fusion-imageframe imageframe-none imageframe-3 hover-type-none\"><img decoding=\"async\" width=\"183\" height=\"183\" title=\"premi-unipede\" src=\"https:\/\/elhco.com\/wp-content\/uploads\/premi-unipede.jpg\" alt class=\"img-responsive wp-image-6341\" srcset=\"https:\/\/elhco.com\/wp-content\/uploads\/premi-unipede-66x66.jpg 66w, https:\/\/elhco.com\/wp-content\/uploads\/premi-unipede-150x150.jpg 150w, https:\/\/elhco.com\/wp-content\/uploads\/premi-unipede.jpg 183w\" sizes=\"(max-width: 183px) 100vw, 183px\" \/><\/span><\/div><\/div><\/div><div class=\"fusion-layout-column fusion_builder_column_inner fusion-builder-nested-column-5 fusion_builder_column_inner_4_5 4_5 fusion-flex-column\" style=\"--awb-bg-size:cover;--awb-width-large:80%;--awb-margin-top-large:0px;--awb-spacing-right-large:2.4%;--awb-margin-bottom-large:20px;--awb-spacing-left-large:2.4%;--awb-width-medium:100%;--awb-order-medium:0;--awb-spacing-right-medium:1.92%;--awb-spacing-left-medium:1.92%;--awb-width-small:100%;--awb-order-small:0;--awb-spacing-right-small:1.92%;--awb-spacing-left-small:1.92%;\"><div class=\"fusion-column-wrapper fusion-column-has-shadow fusion-flex-justify-content-flex-start fusion-content-layout-column\"><div class=\"fusion-text fusion-text-6\" style=\"--awb-content-alignment:justify;\"><p>Elhco va implementar un <strong>sistema de tractament de residus pioner<\/strong> amb el que es va conseguir concentrar el m\u00e0xim de residus l\u00edquids fins obtenir un llot s\u00f2lid, tot aix\u00f2 a trav\u00e9s d\u2019un circuit d\u2019evaporadors al buit. Al mateix temps, s\u2019obt\u00e9 aigua destil\u00b7lada de molt bona qualitat que es torna a reutilitzar pels processos industrials.<\/p>\n<p>Amb aquest sistema s\u2019aconsegueix reduir els costos d\u2019aigua, el canon de sanejament, la quantitat de reactius, els abocaments d\u2019aig\u00fces residuals i el 50% de llots generats que van a l\u2019abocador.<\/p>\n<\/div><\/div><\/div><\/div><\/div><\/div><\/div><\/div><div class=\"fusion-fullwidth fullwidth-box fusion-builder-row-4 fusion-flex-container nonhundred-percent-fullwidth non-hundred-percent-height-scrolling\" style=\"--awb-border-radius-top-left:0px;--awb-border-radius-top-right:0px;--awb-border-radius-bottom-right:0px;--awb-border-radius-bottom-left:0px;--awb-padding-bottom:4%;--awb-flex-wrap:wrap;\" ><div class=\"fusion-builder-row fusion-row fusion-flex-align-items-flex-start fusion-flex-content-wrap\" style=\"max-width:1300px;margin-left: calc(-4% \/ 2 );margin-right: calc(-4% \/ 2 );\"><div class=\"fusion-layout-column fusion_builder_column fusion-builder-column-3 fusion_builder_column_1_1 1_1 fusion-flex-column\" style=\"--awb-padding-left:5%;--awb-bg-size:cover;--awb-width-large:100%;--awb-margin-top-large:0px;--awb-spacing-right-large:1.92%;--awb-margin-bottom-large:20px;--awb-spacing-left-large:1.92%;--awb-width-medium:100%;--awb-order-medium:0;--awb-spacing-right-medium:1.92%;--awb-spacing-left-medium:1.92%;--awb-width-small:100%;--awb-order-small:0;--awb-spacing-right-small:1.92%;--awb-spacing-left-small:1.92%;\"><div class=\"fusion-column-wrapper fusion-column-has-shadow fusion-flex-justify-content-flex-start fusion-content-layout-column\"><div class=\"fusion-text fusion-text-7\" style=\"--awb-font-size:21px;\"><p><strong>INTERNATIONAL ELA AWARD<\/strong><\/p>\n<\/div><div class=\"fusion-separator fusion-full-width-sep\" style=\"align-self: center;margin-left: auto;margin-right: auto;margin-top:20px;width:100%;\"><\/div><div class=\"fusion-builder-row fusion-builder-row-inner fusion-row fusion-flex-align-items-flex-start fusion-flex-content-wrap\" style=\"--awb-flex-grow:0;--awb-flex-grow-medium:0;--awb-flex-grow-small:0;--awb-flex-shrink:0;--awb-flex-shrink-medium:0;--awb-flex-shrink-small:0;width:104% !important;max-width:104% !important;margin-left: calc(-4% \/ 2 );margin-right: calc(-4% \/ 2 );\"><div class=\"fusion-layout-column fusion_builder_column_inner fusion-builder-nested-column-6 fusion_builder_column_inner_1_5 1_5 fusion-flex-column\" style=\"--awb-bg-size:cover;--awb-width-large:20%;--awb-margin-top-large:0px;--awb-spacing-right-large:9.6%;--awb-margin-bottom-large:20px;--awb-spacing-left-large:9.6%;--awb-width-medium:100%;--awb-order-medium:0;--awb-spacing-right-medium:1.92%;--awb-spacing-left-medium:1.92%;--awb-width-small:100%;--awb-order-small:0;--awb-spacing-right-small:1.92%;--awb-spacing-left-small:1.92%;\"><div class=\"fusion-column-wrapper fusion-column-has-shadow fusion-flex-justify-content-flex-start fusion-content-layout-column\"><div class=\"fusion-image-element \" style=\"--awb-caption-title-font-family:var(--h2_typography-font-family);--awb-caption-title-font-weight:var(--h2_typography-font-weight);--awb-caption-title-font-style:var(--h2_typography-font-style);--awb-caption-title-size:var(--h2_typography-font-size);--awb-caption-title-transform:var(--h2_typography-text-transform);--awb-caption-title-line-height:var(--h2_typography-line-height);--awb-caption-title-letter-spacing:var(--h2_typography-letter-spacing);\"><span class=\" fusion-imageframe imageframe-none imageframe-4 hover-type-none\"><img decoding=\"async\" width=\"183\" height=\"183\" title=\"unio-internacional-productors-distribuidors\" src=\"https:\/\/elhco.com\/wp-content\/uploads\/unio-internacional-productors-distribuidors.jpg\" alt class=\"img-responsive wp-image-6343\" srcset=\"https:\/\/elhco.com\/wp-content\/uploads\/unio-internacional-productors-distribuidors-66x66.jpg 66w, https:\/\/elhco.com\/wp-content\/uploads\/unio-internacional-productors-distribuidors-150x150.jpg 150w, https:\/\/elhco.com\/wp-content\/uploads\/unio-internacional-productors-distribuidors.jpg 183w\" sizes=\"(max-width: 183px) 100vw, 183px\" \/><\/span><\/div><\/div><\/div><div class=\"fusion-layout-column fusion_builder_column_inner fusion-builder-nested-column-7 fusion_builder_column_inner_4_5 4_5 fusion-flex-column\" style=\"--awb-bg-size:cover;--awb-width-large:80%;--awb-margin-top-large:0px;--awb-spacing-right-large:2.4%;--awb-margin-bottom-large:20px;--awb-spacing-left-large:2.4%;--awb-width-medium:100%;--awb-order-medium:0;--awb-spacing-right-medium:1.92%;--awb-spacing-left-medium:1.92%;--awb-width-small:100%;--awb-order-small:0;--awb-spacing-right-small:1.92%;--awb-spacing-left-small:1.92%;\"><div class=\"fusion-column-wrapper fusion-column-has-shadow fusion-flex-justify-content-flex-start fusion-content-layout-column\"><div class=\"fusion-text fusion-text-8\" style=\"--awb-content-alignment:justify;\"><p>Premi per part de la <strong>Uni\u00f3 Internacional de Productors i Distribuidors d\u2019Energia El\u00e8ctrica<\/strong> (UNIPEDE, Par\u00eds), associaci\u00f3 fundada a l\u2019any 1925 i present en 57 paisos, dels quals 37 s\u00f3n europeus.<\/p>\n<\/div><\/div><\/div><\/div><\/div><\/div><\/div><\/div><div class=\"fusion-fullwidth fullwidth-box fusion-builder-row-5 fusion-flex-container has-pattern-background has-mask-background fusion-parallax-none nonhundred-percent-fullwidth non-hundred-percent-height-scrolling fusion-no-small-visibility fusion-animated\" style=\"--awb-border-sizes-top:0px;--awb-border-sizes-bottom:20px;--awb-border-sizes-left:30px;--awb-border-sizes-right:30px;--awb-border-color:var(--awb-color1);--awb-border-radius-top-left:0px;--awb-border-radius-top-right:0px;--awb-border-radius-bottom-right:0px;--awb-border-radius-bottom-left:0px;--awb-padding-top:10vw;--awb-padding-right:30px;--awb-padding-bottom:0px;--awb-padding-left:30px;--awb-padding-top-small:16vw;--awb-margin-top:0px;--awb-margin-bottom:0px;--awb-margin-bottom-medium:145px;--awb-background-image:linear-gradient(180deg, rgba(26,2,0,0.1) 0%,rgba(255,255,255,0) 100%),url(https:\/\/elhco.com\/wp-content\/uploads\/cta-elhco.webp);;--awb-background-size:cover;--awb-flex-wrap:wrap;\" data-animationType=\"fadeIn\" data-animationDuration=\"0.8\" data-animationOffset=\"top-into-view\" ><div class=\"fusion-builder-row fusion-row fusion-flex-align-items-flex-start fusion-flex-content-wrap\" style=\"max-width:1300px;margin-left: calc(-4% \/ 2 );margin-right: calc(-4% \/ 2 );\"><div class=\"fusion-layout-column fusion_builder_column fusion-builder-column-4 fusion-flex-column fusion-animated\" style=\"--awb-padding-top:50px;--awb-padding-right:80px;--awb-padding-bottom:50px;--awb-padding-left:80px;--awb-padding-top-small:50px;--awb-padding-right-small:50px;--awb-padding-bottom-small:50px;--awb-padding-left-small:50px;--awb-bg-color:#ffffff;--awb-bg-color-hover:#ffffff;--awb-bg-size:cover;--awb-width-large:60%;--awb-margin-top-large:0px;--awb-spacing-right-large:3.2%;--awb-margin-bottom-large:-65px;--awb-spacing-left-large:3.2%;--awb-width-medium:66.666666666667%;--awb-order-medium:0;--awb-spacing-right-medium:2.88%;--awb-spacing-left-medium:2.88%;--awb-width-small:100%;--awb-order-small:0;--awb-spacing-right-small:1.92%;--awb-spacing-left-small:1.92%;\" data-animationType=\"bounceInUp\" data-animationDuration=\"1.3\" data-animationOffset=\"top-into-view\" data-scroll-devices=\"small-visibility,medium-visibility,large-visibility\"><div class=\"fusion-column-wrapper fusion-column-has-shadow fusion-flex-justify-content-flex-start fusion-content-layout-column\"><div class=\"fusion-title title fusion-title-1 fusion-sep-none fusion-title-text fusion-title-size-two\" style=\"--awb-margin-bottom:0px;--awb-margin-top-small:0px;--awb-margin-right-small:0px;--awb-margin-bottom-small:20px;--awb-margin-left-small:0px;--awb-sep-color:#07648a;--awb-font-size:25px;\"><h2 class=\"fusion-title-heading title-heading-left fusion-responsive-typography-calculated\" style=\"font-family:&quot;Mulish&quot;;font-style:normal;font-weight:600;margin:0;letter-spacing:1px;font-size:1em;--fontSize:25;line-height:1.5;\">SOL\u00b7LICITI COTITZACI\u00d3<\/h2><\/div><div class=\"fusion-separator\" style=\"align-self: flex-start;margin-right:auto;margin-top:0px;margin-bottom:40px;width:100%;max-width:20%;\"><div class=\"fusion-separator-border sep-single sep-solid\" style=\"--awb-height:20px;--awb-amount:20px;--awb-sep-color:var(--awb-color4);border-color:var(--awb-color4);border-top-width:3px;\"><\/div><\/div><div class=\"fusion-text fusion-text-9\" style=\"--awb-content-alignment:justify;\"><p><strong>Demani\u2019ns m\u00e9s informaci\u00f3<\/strong> sobre els nostres tractaments t\u00e8cnics de superf\u00edcie i serveis. Escoltem les seves necessitats i <strong>l\u2019hi oferim una soluci\u00f3 de m\u00e0xima qualitat i seguretat<\/strong>. Podem treballar en s\u00e8ries curtes o en produccions de llarga durada.<\/p>\n<\/div><div style=\"text-align:right;\"><a class=\"fusion-button button-flat fusion-button-default-size button-default fusion-button-default button-1 fusion-button-default-span fusion-button-default-type fusion-animated\" style=\"--awb-padding-top:10px;--awb-padding-right:30px;--awb-padding-bottom:10px;--awb-padding-left:30px;--button_bevel_color:#770099;--button_bevel_color_hover:#320054;--button_font_size:17px;--button_line_height:1.3em;--button_typography-font-family:&quot;Mulish&quot;;--button_typography-font-style:normal;--button_typography-font-weight:500;--awb-animation-color:var(--awb-color6);\" data-animationType=\"revealInDown\" data-animationDuration=\"0.6\" data-animationOffset=\"top-into-view\" target=\"_self\" data-hover=\"icon_slide\" href=\"\/ca\/pressupost-recobriments-galvanics\/\"><i class=\"fa-angle-right fas awb-button__icon awb-button__icon--default button-icon-left\" aria-hidden=\"true\"><\/i><span class=\"fusion-button-text awb-button__text awb-button__text--default\">Demani pressupost<\/span><\/a><\/div><\/div><\/div><\/div><\/div><div class=\"fusion-fullwidth fullwidth-box fusion-builder-row-6 fusion-flex-container has-pattern-background has-mask-background fusion-parallax-none nonhundred-percent-fullwidth non-hundred-percent-height-scrolling fusion-no-medium-visibility fusion-no-large-visibility fusion-animated\" style=\"--awb-border-sizes-top:0px;--awb-border-sizes-bottom:20px;--awb-border-sizes-left:30px;--awb-border-sizes-right:30px;--awb-border-color:var(--awb-color1);--awb-border-radius-top-left:0px;--awb-border-radius-top-right:0px;--awb-border-radius-bottom-right:0px;--awb-border-radius-bottom-left:0px;--awb-padding-top:10vw;--awb-padding-right:30px;--awb-padding-bottom:0px;--awb-padding-left:30px;--awb-padding-top-small:16vw;--awb-padding-right-small:0px;--awb-padding-left-small:0px;--awb-margin-top:0px;--awb-margin-bottom:0px;--awb-margin-bottom-medium:145px;--awb-background-image:linear-gradient(180deg, rgba(26,2,0,0.1) 0%,rgba(255,255,255,0) 100%),url(https:\/\/elhco.com\/wp-content\/uploads\/cta-elhco.webp);;--awb-background-size:cover;--awb-flex-wrap:wrap;\" data-animationType=\"fadeIn\" data-animationDuration=\"0.8\" data-animationOffset=\"top-into-view\" ><div class=\"fusion-builder-row fusion-row fusion-flex-align-items-flex-start fusion-flex-content-wrap\" style=\"max-width:1300px;margin-left: calc(-4% \/ 2 );margin-right: calc(-4% \/ 2 );\"><div class=\"fusion-layout-column fusion_builder_column fusion-builder-column-5 fusion_builder_column_1_1 1_1 fusion-flex-column fusion-animated\" style=\"--awb-padding-top:50px;--awb-padding-right:80px;--awb-padding-bottom:50px;--awb-padding-left:80px;--awb-padding-top-small:50px;--awb-padding-right-small:20px;--awb-padding-bottom-small:50px;--awb-padding-left-small:20px;--awb-bg-color:#ffffff;--awb-bg-color-hover:#ffffff;--awb-bg-color-small:rgba(255,255,255,0.66);--awb-bg-size:cover;--awb-width-large:100%;--awb-margin-top-large:0px;--awb-spacing-right-large:1.92%;--awb-margin-bottom-large:-65px;--awb-spacing-left-large:1.92%;--awb-width-medium:66.666666666667%;--awb-order-medium:0;--awb-spacing-right-medium:2.88%;--awb-spacing-left-medium:2.88%;--awb-width-small:100%;--awb-order-small:0;--awb-spacing-right-small:1.92%;--awb-spacing-left-small:1.92%;\" data-animationType=\"bounceInUp\" data-animationDuration=\"1.3\" data-animationOffset=\"top-into-view\" data-scroll-devices=\"small-visibility,medium-visibility,large-visibility\"><div class=\"fusion-column-wrapper fusion-column-has-shadow fusion-flex-justify-content-flex-start fusion-content-layout-column\"><div class=\"fusion-title title fusion-title-2 fusion-sep-none fusion-title-text fusion-title-size-two\" style=\"--awb-margin-bottom:0px;--awb-margin-top-small:0px;--awb-margin-right-small:0px;--awb-margin-bottom-small:20px;--awb-margin-left-small:0px;--awb-sep-color:#07648a;--awb-font-size:25px;\"><h2 class=\"fusion-title-heading title-heading-left fusion-responsive-typography-calculated\" style=\"font-family:&quot;Mulish&quot;;font-style:normal;font-weight:600;margin:0;letter-spacing:1px;font-size:1em;--fontSize:25;line-height:1.5;\">SOL\u00b7LICITI COTITZACI\u00d3<\/h2><\/div><div class=\"fusion-text fusion-text-10\" style=\"--awb-content-alignment:justify;\"><p><strong>Demani\u2019ns m\u00e9s informaci\u00f3<\/strong> sobre els nostres tractaments t\u00e8cnics de superf\u00edcie i serveis. Escoltem les seves necessitats i <strong>l\u2019hi oferim una soluci\u00f3 de m\u00e0xima qualitat i seguretat<\/strong>. Podem treballar en s\u00e8ries curtes o en produccions de llarga durada.<\/p>\n<\/div><div class=\"fusion-separator\" style=\"align-self: flex-start;margin-right:auto;margin-top:0px;margin-bottom:40px;width:100%;max-width:150px;\"><div class=\"fusion-separator-border sep-single sep-solid\" style=\"--awb-height:20px;--awb-amount:20px;--awb-sep-color:var(--awb-color4);border-color:var(--awb-color4);border-top-width:3px;\"><\/div><\/div><div class=\"sm-text-align-center\" style=\"text-align:right;\"><a class=\"fusion-button button-flat fusion-button-default-size button-default fusion-button-default button-2 fusion-button-default-span fusion-button-default-type fusion-animated\" style=\"--awb-padding-top:10px;--awb-padding-right:30px;--awb-padding-bottom:10px;--awb-padding-left:30px;--button_bevel_color:#770099;--button_bevel_color_hover:#320054;--button_font_size:17px;--button_line_height:1.3em;--button_typography-font-family:&quot;Mulish&quot;;--button_typography-font-style:normal;--button_typography-font-weight:500;--awb-animation-color:var(--awb-color6);\" data-animationType=\"revealInDown\" data-animationDuration=\"0.6\" data-animationOffset=\"top-into-view\" target=\"_self\" data-hover=\"icon_slide\" href=\"\/ca\/pressupost-recobriments-galvanics\/\"><i class=\"fa-angle-right fas awb-button__icon awb-button__icon--default button-icon-left\" aria-hidden=\"true\"><\/i><span class=\"fusion-button-text awb-button__text awb-button__text--default\">Demani pressupost<\/span><\/a><\/div><\/div><\/div><\/div><\/div><\/p>\n","protected":false},"excerpt":{"rendered":"","protected":false},"author":1,"featured_media":6942,"parent":0,"menu_order":0,"comment_status":"closed","ping_status":"closed","template":"100-width.php","meta":{"footnotes":""},"class_list":["post-7058","page","type-page","status-publish","has-post-thumbnail","hentry"],"yoast_head":"<!-- This site is optimized with the Yoast SEO plugin v27.4 - https:\/\/yoast.com\/product\/yoast-seo-wordpress\/ -->\n<title>Premis i reconeixements d\u2019ELHCO, tractaments superficials<\/title>\n<meta name=\"description\" content=\"Elhco ha rebut diversos premis amb reconeixement a la innovaci\u00f3 i al treball ben fet.\" \/>\n<meta name=\"robots\" content=\"index, follow, max-snippet:-1, max-image-preview:large, max-video-preview:-1\" \/>\n<link rel=\"canonical\" href=\"https:\/\/elhco.com\/ca\/reconeixements\/\" \/>\n<meta property=\"og:locale\" content=\"ca_ES\" \/>\n<meta property=\"og:type\" content=\"article\" \/>\n<meta property=\"og:title\" content=\"Premis i reconeixements d\u2019ELHCO, tractaments superficials\" \/>\n<meta property=\"og:description\" content=\"Elhco ha rebut diversos premis amb reconeixement a la innovaci\u00f3 i al treball ben fet.\" \/>\n<meta property=\"og:url\" content=\"https:\/\/elhco.com\/ca\/reconeixements\/\" \/>\n<meta property=\"og:site_name\" content=\"Elhco - Empresa de recubrimientos galv\u00e1nicos\" \/>\n<meta property=\"article:modified_time\" content=\"2023-09-05T12:03:42+00:00\" \/>\n<meta property=\"og:image\" content=\"https:\/\/elhco.com\/wp-content\/uploads\/c-premios.webp\" \/>\n\t<meta property=\"og:image:width\" content=\"1920\" \/>\n\t<meta property=\"og:image:height\" content=\"518\" \/>\n\t<meta property=\"og:image:type\" content=\"image\/webp\" \/>\n<meta name=\"twitter:card\" content=\"summary_large_image\" \/>\n<meta name=\"twitter:label1\" content=\"Temps estimat de lectura\" \/>\n\t<meta name=\"twitter:data1\" content=\"16 minuts\" \/>\n<script type=\"application\/ld+json\" class=\"yoast-schema-graph\">{\"@context\":\"https:\\\/\\\/schema.org\",\"@graph\":[{\"@type\":\"WebPage\",\"@id\":\"https:\\\/\\\/elhco.com\\\/ca\\\/reconeixements\\\/\",\"url\":\"https:\\\/\\\/elhco.com\\\/ca\\\/reconeixements\\\/\",\"name\":\"Premis i reconeixements d\u2019ELHCO, tractaments superficials\",\"isPartOf\":{\"@id\":\"https:\\\/\\\/elhco.com\\\/ca\\\/#website\"},\"primaryImageOfPage\":{\"@id\":\"https:\\\/\\\/elhco.com\\\/ca\\\/reconeixements\\\/#primaryimage\"},\"image\":{\"@id\":\"https:\\\/\\\/elhco.com\\\/ca\\\/reconeixements\\\/#primaryimage\"},\"thumbnailUrl\":\"https:\\\/\\\/elhco.com\\\/wp-content\\\/uploads\\\/c-premios.webp\",\"datePublished\":\"2020-09-07T10:11:22+00:00\",\"dateModified\":\"2023-09-05T12:03:42+00:00\",\"description\":\"Elhco ha rebut diversos premis amb reconeixement a la innovaci\u00f3 i al treball ben fet.\",\"breadcrumb\":{\"@id\":\"https:\\\/\\\/elhco.com\\\/ca\\\/reconeixements\\\/#breadcrumb\"},\"inLanguage\":\"ca\",\"potentialAction\":[{\"@type\":\"ReadAction\",\"target\":[\"https:\\\/\\\/elhco.com\\\/ca\\\/reconeixements\\\/\"]}]},{\"@type\":\"ImageObject\",\"inLanguage\":\"ca\",\"@id\":\"https:\\\/\\\/elhco.com\\\/ca\\\/reconeixements\\\/#primaryimage\",\"url\":\"https:\\\/\\\/elhco.com\\\/wp-content\\\/uploads\\\/c-premios.webp\",\"contentUrl\":\"https:\\\/\\\/elhco.com\\\/wp-content\\\/uploads\\\/c-premios.webp\",\"width\":1920,\"height\":518,\"caption\":\"Tratamientos superficiales Elhco - Electroless Hard Coat\"},{\"@type\":\"BreadcrumbList\",\"@id\":\"https:\\\/\\\/elhco.com\\\/ca\\\/reconeixements\\\/#breadcrumb\",\"itemListElement\":[{\"@type\":\"ListItem\",\"position\":1,\"name\":\"Portada\",\"item\":\"https:\\\/\\\/elhco.com\\\/ca\\\/\"},{\"@type\":\"ListItem\",\"position\":2,\"name\":\"Premis i reconeixements\"}]},{\"@type\":\"WebSite\",\"@id\":\"https:\\\/\\\/elhco.com\\\/ca\\\/#website\",\"url\":\"https:\\\/\\\/elhco.com\\\/ca\\\/\",\"name\":\"Elhco - Empresa de recubrimientos galv\u00e1nicos\",\"description\":\"Tratamientos superficiales Elhco - Electroless Hard Coat\",\"publisher\":{\"@id\":\"https:\\\/\\\/elhco.com\\\/ca\\\/#organization\"},\"alternateName\":\"Tratamientos superficiales Elhco - Electroless Hard Coat\",\"potentialAction\":[{\"@type\":\"SearchAction\",\"target\":{\"@type\":\"EntryPoint\",\"urlTemplate\":\"https:\\\/\\\/elhco.com\\\/ca\\\/?s={search_term_string}\"},\"query-input\":{\"@type\":\"PropertyValueSpecification\",\"valueRequired\":true,\"valueName\":\"search_term_string\"}}],\"inLanguage\":\"ca\"},{\"@type\":\"Organization\",\"@id\":\"https:\\\/\\\/elhco.com\\\/ca\\\/#organization\",\"name\":\"Elhco, electroless hard coat, S.A.\",\"alternateName\":\"ELHCO\",\"url\":\"https:\\\/\\\/elhco.com\\\/ca\\\/\",\"logo\":{\"@type\":\"ImageObject\",\"inLanguage\":\"ca\",\"@id\":\"https:\\\/\\\/elhco.com\\\/ca\\\/#\\\/schema\\\/logo\\\/image\\\/\",\"url\":\"https:\\\/\\\/elhco.com\\\/wp-content\\\/uploads\\\/logo-azul-web-retina.webp\",\"contentUrl\":\"https:\\\/\\\/elhco.com\\\/wp-content\\\/uploads\\\/logo-azul-web-retina.webp\",\"width\":510,\"height\":200,\"caption\":\"Elhco, electroless hard coat, S.A.\"},\"image\":{\"@id\":\"https:\\\/\\\/elhco.com\\\/ca\\\/#\\\/schema\\\/logo\\\/image\\\/\"}}]}<\/script>\n<!-- \/ Yoast SEO plugin. -->","yoast_head_json":{"title":"Premis i reconeixements d\u2019ELHCO, tractaments superficials","description":"Elhco ha rebut diversos premis amb reconeixement a la innovaci\u00f3 i al treball ben fet.","robots":{"index":"index","follow":"follow","max-snippet":"max-snippet:-1","max-image-preview":"max-image-preview:large","max-video-preview":"max-video-preview:-1"},"canonical":"https:\/\/elhco.com\/ca\/reconeixements\/","og_locale":"ca_ES","og_type":"article","og_title":"Premis i reconeixements d\u2019ELHCO, tractaments superficials","og_description":"Elhco ha rebut diversos premis amb reconeixement a la innovaci\u00f3 i al treball ben fet.","og_url":"https:\/\/elhco.com\/ca\/reconeixements\/","og_site_name":"Elhco - Empresa de recubrimientos galv\u00e1nicos","article_modified_time":"2023-09-05T12:03:42+00:00","og_image":[{"width":1920,"height":518,"url":"https:\/\/elhco.com\/wp-content\/uploads\/c-premios.webp","type":"image\/webp"}],"twitter_card":"summary_large_image","twitter_misc":{"Temps estimat de lectura":"16 minuts"},"schema":{"@context":"https:\/\/schema.org","@graph":[{"@type":"WebPage","@id":"https:\/\/elhco.com\/ca\/reconeixements\/","url":"https:\/\/elhco.com\/ca\/reconeixements\/","name":"Premis i reconeixements d\u2019ELHCO, tractaments superficials","isPartOf":{"@id":"https:\/\/elhco.com\/ca\/#website"},"primaryImageOfPage":{"@id":"https:\/\/elhco.com\/ca\/reconeixements\/#primaryimage"},"image":{"@id":"https:\/\/elhco.com\/ca\/reconeixements\/#primaryimage"},"thumbnailUrl":"https:\/\/elhco.com\/wp-content\/uploads\/c-premios.webp","datePublished":"2020-09-07T10:11:22+00:00","dateModified":"2023-09-05T12:03:42+00:00","description":"Elhco ha rebut diversos premis amb reconeixement a la innovaci\u00f3 i al treball ben fet.","breadcrumb":{"@id":"https:\/\/elhco.com\/ca\/reconeixements\/#breadcrumb"},"inLanguage":"ca","potentialAction":[{"@type":"ReadAction","target":["https:\/\/elhco.com\/ca\/reconeixements\/"]}]},{"@type":"ImageObject","inLanguage":"ca","@id":"https:\/\/elhco.com\/ca\/reconeixements\/#primaryimage","url":"https:\/\/elhco.com\/wp-content\/uploads\/c-premios.webp","contentUrl":"https:\/\/elhco.com\/wp-content\/uploads\/c-premios.webp","width":1920,"height":518,"caption":"Tratamientos superficiales Elhco - Electroless Hard Coat"},{"@type":"BreadcrumbList","@id":"https:\/\/elhco.com\/ca\/reconeixements\/#breadcrumb","itemListElement":[{"@type":"ListItem","position":1,"name":"Portada","item":"https:\/\/elhco.com\/ca\/"},{"@type":"ListItem","position":2,"name":"Premis i reconeixements"}]},{"@type":"WebSite","@id":"https:\/\/elhco.com\/ca\/#website","url":"https:\/\/elhco.com\/ca\/","name":"Elhco - Empresa de recubrimientos galv\u00e1nicos","description":"Tratamientos superficiales Elhco - Electroless Hard Coat","publisher":{"@id":"https:\/\/elhco.com\/ca\/#organization"},"alternateName":"Tratamientos superficiales Elhco - Electroless Hard Coat","potentialAction":[{"@type":"SearchAction","target":{"@type":"EntryPoint","urlTemplate":"https:\/\/elhco.com\/ca\/?s={search_term_string}"},"query-input":{"@type":"PropertyValueSpecification","valueRequired":true,"valueName":"search_term_string"}}],"inLanguage":"ca"},{"@type":"Organization","@id":"https:\/\/elhco.com\/ca\/#organization","name":"Elhco, electroless hard coat, S.A.","alternateName":"ELHCO","url":"https:\/\/elhco.com\/ca\/","logo":{"@type":"ImageObject","inLanguage":"ca","@id":"https:\/\/elhco.com\/ca\/#\/schema\/logo\/image\/","url":"https:\/\/elhco.com\/wp-content\/uploads\/logo-azul-web-retina.webp","contentUrl":"https:\/\/elhco.com\/wp-content\/uploads\/logo-azul-web-retina.webp","width":510,"height":200,"caption":"Elhco, electroless hard coat, S.A."},"image":{"@id":"https:\/\/elhco.com\/ca\/#\/schema\/logo\/image\/"}}]}},"_links":{"self":[{"href":"https:\/\/elhco.com\/ca\/wp-json\/wp\/v2\/pages\/7058","targetHints":{"allow":["GET"]}}],"collection":[{"href":"https:\/\/elhco.com\/ca\/wp-json\/wp\/v2\/pages"}],"about":[{"href":"https:\/\/elhco.com\/ca\/wp-json\/wp\/v2\/types\/page"}],"author":[{"embeddable":true,"href":"https:\/\/elhco.com\/ca\/wp-json\/wp\/v2\/users\/1"}],"replies":[{"embeddable":true,"href":"https:\/\/elhco.com\/ca\/wp-json\/wp\/v2\/comments?post=7058"}],"version-history":[{"count":0,"href":"https:\/\/elhco.com\/ca\/wp-json\/wp\/v2\/pages\/7058\/revisions"}],"wp:featuredmedia":[{"embeddable":true,"href":"https:\/\/elhco.com\/ca\/wp-json\/wp\/v2\/media\/6942"}],"wp:attachment":[{"href":"https:\/\/elhco.com\/ca\/wp-json\/wp\/v2\/media?parent=7058"}],"curies":[{"name":"wp","href":"https:\/\/api.w.org\/{rel}","templated":true}]}}